{"id":148,"date":"2023-11-10T17:59:55","date_gmt":"2023-11-10T16:59:55","guid":{"rendered":"https:\/\/ceofrance-international.org\/?page_id=148"},"modified":"2025-09-03T05:57:05","modified_gmt":"2025-09-03T03:57:05","slug":"hommage","status":"publish","type":"page","link":"https:\/\/ceofrance-international.org\/index.php\/hommage\/","title":{"rendered":"Hommage"},"content":{"rendered":"\n<p>Nous : \u00ab Canepa Philippe \u00bb, \u00ab Paux Joseph \u00bb, \u00ab Canarelli Kalyste \u00bb, \u00ab Bouchet Jean-louis \u00bb, sommes les fondateurs du CEOFRANCE (Commission Etude Ovni France) Fond\u00e9e en 2013. Nous sommes une scission de la COMMISSION \u00c9TUDE OVNI FRANCE. Notre association a \u00e9t\u00e9 cr\u00e9\u00e9 en 2023 suite \u00e0 des divergences sur la gestion et la compr\u00e9hension du ph\u00e9nom\u00e8ne OVNI et Extraterrestre.<\/p>\n\n\n\n<figure class=\"wp-block-image size-full is-resized\"><img loading=\"lazy\" decoding=\"async\" width=\"630\" height=\"630\" src=\"https:\/\/ceofrance-international.org\/wp-content\/uploads\/2024\/03\/JC-6.jpg\" alt=\"\" class=\"wp-image-596\" style=\"aspect-ratio:0.7412109375;width:322px;height:auto\" srcset=\"https:\/\/ceofrance-international.org\/wp-content\/uploads\/2024\/03\/JC-6.jpg 630w, https:\/\/ceofrance-international.org\/wp-content\/uploads\/2024\/03\/JC-6-300x300.jpg 300w, https:\/\/ceofrance-international.org\/wp-content\/uploads\/2024\/03\/JC-6-150x150.jpg 150w\" sizes=\"auto, (max-width: 630px) 100vw, 630px\" \/><figcaption class=\"wp-element-caption\"><strong>Jimmy Guieu<\/strong><\/figcaption><\/figure>\n\n\n\n<p>Hommage \u00e0 Jimmy Guieu<br>Jimmy GUIEU \u00e9tait membre d\u2019Honneur du CEO \u2013 France. Il \u00e9tait devenu notre ami et Conseiller car certains d\u2019entre nous l\u2019ont bien connu depuis les ann\u00e9es -70, depuis qu\u2019il pr\u00e9sentait \u00abLes CARREFOURS DE L\u2019\u00c9TRANGE\u00bb sur une radio locale Marseillaise et qu&rsquo;il donnait d\u00e9j\u00e0 des des Conf\u00e9rences publiques \u00e0 Marseille notamment. Les romans de Science-fiction qu\u2019il publiait \u00e9taient tr\u00e8s appr\u00e9ci\u00e9s.<br>Il \u00e9tait toujours fort int\u00e9ressant, intarissable sur le sujet, bien s\u00fbr, et non d\u00e9nu\u00e9 d\u2019humour. Il r\u00e9pondait toujours \u00e0 nos questions avec grand int\u00e9r\u00eat et avait<br>rapidement gagn\u00e9 notre sympathie.<\/p>\n\n\n\n<p><br>N\u00e9 \u00e0 Aix-en-Provence le 19 mars 1926, il s\u2019est \u00e9teint le 2 janvier 2000 \u00e0 l\u2019\u00e2ge de 73 ans.<\/p>\n\n\n\n<p><br>Jimmy GUIEU est l\u2019un des Ma\u00eetres de la Science-fiction europ\u00e9enne ; mais aussi<br>Pionnier de l\u2019Ufologie (\u00c9tude des OVNI), de la Parapsychologie, sp\u00e9cialiste de<br>l\u2019\u00c9sot\u00e9risme et des Soci\u00e9t\u00e9s Secr\u00e8tes.<br>Outre ses nombreux romans, rest\u00e9s longtemps introuvables, Jimmy Guieu a \u00e9crit des<br>ouvrages documentaires repr\u00e9sentant la meilleure masse d\u2019informations existant<br>sur le Ph\u00e9nom\u00e8ne OVNI.<br>Ses deux premiers ouvrages \u00abLes Soucoupes Volantes viennent d\u2019un autre Monde \u00bb <br>(paru en 1954) et \u00abBlack-out sur les Soucoupes Volantes \u00bb (paru en 1956) qui<br>ont fini par \u00eatre r\u00e9\u00e9dit\u00e9s, rassemblent toutes les informations majeures de la<br>Recherche Ufologique, qui ont tendance \u00e0 se justifier \u00e0 l\u2019heure actuelle.<br>Nous ne pouvons qu\u2019accr\u00e9diter avec force les quelques lignes du grand Po\u00e8te<br>fran\u00e7ais, Jean Cocteau, qui \u00e9crivait, en pr\u00e9fa\u00e7ant le livre de Jimmy \u00abBlack-out<br>sur les Soucoupes Volantes\u00bb en 1956:<br>\u00ab\u2026 Vous n\u2019\u00eates pas un pr\u00e9curseur\u00bb, mon cher Jimmy Guieu ; vous \u00eates \u00e0 la<br>page, et un jour, de sages astronautes prouveront que votre montre \u00e9tait \u00e0<br>l\u2019heure et que ce sont les autres montres qui retardent\u2026! \u00bb<br><br><br><\/p>\n\n\n\n<figure class=\"wp-block-image size-full\"><img loading=\"lazy\" decoding=\"async\" width=\"472\" height=\"358\" src=\"https:\/\/ceofrance-international.org\/wp-content\/uploads\/2023\/12\/hqdefault.jpg\" alt=\"\" class=\"wp-image-224\" srcset=\"https:\/\/ceofrance-international.org\/wp-content\/uploads\/2023\/12\/hqdefault.jpg 472w, https:\/\/ceofrance-international.org\/wp-content\/uploads\/2023\/12\/hqdefault-300x228.jpg 300w\" sizes=\"auto, (max-width: 472px) 100vw, 472px\" \/><\/figure>\n\n\n\n<p>Roger Correard<\/p>\n\n\n\n<p>Hommage \u00e0 Roger Correard<\/p>\n\n\n\n<p>Fut un de nos initiateurs en qui concerne le rocher du Dromon .<\/p>\n\n\n\n<p>Il nous appris \u00e0 comprendre comment ce genre de couloir de passage d ovni fonctionne.<\/p>\n\n\n\n<p>Il faut arriver \u00e0 voir au del\u00e0 des apparences des r\u00e9alit\u00e9s qui sont bien au del\u00e0 de nos conceptions mentales traditionnelles et qui ont \u00e9t\u00e9 oublies a cause du temps qui passe&nbsp;<\/p>\n\n\n\n<p>Roger Correard se pr\u00e9sentait comme l un des gardiens du rocher du Dromon .<\/p>\n\n\n\n<p>Nous avons \u00e9t\u00e9 longuement en relation avec Roger lorsqu il habitait eyguieres (13) et il a pu nous transmettre nombres d informations pr\u00e9cises sur le Rocher du Dromon .<\/p>\n\n\n\n<p>Malheureusement il est d\u00e9c\u00e9d\u00e9 assez brutalement et notre relation prit fin subitement.<\/p>\n\n\n\n<p>Il \u00e9tait pour nous un grand ami .<\/p>\n\n\n\n<p><\/p>\n\n\n\n<h5 class=\"wp-block-heading has-text-align-center\"><strong>\u00ab\u00a0Nous ne sommes pas des marchands du <a href=\"https:\/\/ceofrance-international.org\/index.php\/protections\/\">Temple<\/a>\u00ab\u00a0<\/strong><\/h5>\n","protected":false},"excerpt":{"rendered":"<p>Nous : \u00ab Canepa Philippe \u00bb, \u00ab Paux Joseph \u00bb, \u00ab Canarelli Kalyste \u00bb, \u00ab Bouchet Jean-louis \u00bb, sommes les fondateurs du CEOFRANCE (Commission Etude Ovni France) Fond\u00e9e en 2013. Nous sommes une scission de la COMMISSION \u00c9TUDE OVNI FRANCE. Notre association a \u00e9t\u00e9 cr\u00e9\u00e9 en 2023 suite \u00e0 des divergences sur la gestion et [&hellip;]<\/p>\n","protected":false},"author":1,"featured_media":0,"parent":0,"menu_order":0,"comment_status":"closed","ping_status":"closed","template":"","meta":{"footnotes":""},"class_list":["post-148","page","type-page","status-publish","hentry"],"yoast_head":"<!-- This site is optimized with the Yoast SEO plugin v27.5 - https:\/\/yoast.com\/product\/yoast-seo-wordpress\/ -->\n<title>Hommage - ceofrance-international.org<\/title>\n<meta name=\"robots\" content=\"index, follow, max-snippet:-1, max-image-preview:large, max-video-preview:-1\" \/>\n<link rel=\"canonical\" href=\"https:\/\/ceofrance-international.org\/index.php\/hommage\/\" \/>\n<meta property=\"og:locale\" content=\"fr_FR\" \/>\n<meta property=\"og:type\" content=\"article\" \/>\n<meta property=\"og:title\" content=\"Hommage - ceofrance-international.org\" \/>\n<meta property=\"og:description\" content=\"Nous : \u00ab Canepa Philippe \u00bb, \u00ab Paux Joseph \u00bb, \u00ab Canarelli Kalyste \u00bb, \u00ab Bouchet Jean-louis \u00bb, sommes les fondateurs du CEOFRANCE (Commission Etude Ovni France) Fond\u00e9e en 2013. Nous sommes une scission de la COMMISSION \u00c9TUDE OVNI FRANCE. Notre association a \u00e9t\u00e9 cr\u00e9\u00e9 en 2023 suite \u00e0 des divergences sur la gestion et [&hellip;]\" \/>\n<meta property=\"og:url\" content=\"https:\/\/ceofrance-international.org\/index.php\/hommage\/\" \/>\n<meta property=\"og:site_name\" content=\"ceofrance-international.org\" \/>\n<meta property=\"article:modified_time\" content=\"2025-09-03T03:57:05+00:00\" \/>\n<meta property=\"og:image\" content=\"https:\/\/ceofrance-international.org\/wp-content\/uploads\/2024\/03\/JC-6.jpg\" \/>\n\t<meta property=\"og:image:width\" content=\"630\" \/>\n\t<meta property=\"og:image:height\" content=\"630\" \/>\n\t<meta property=\"og:image:type\" content=\"image\/jpeg\" \/>\n<meta name=\"twitter:card\" content=\"summary_large_image\" \/>\n<meta name=\"twitter:label1\" content=\"Dur\u00e9e de lecture est.\" \/>\n\t<meta name=\"twitter:data1\" content=\"2 minutes\" \/>\n<script type=\"application\/ld+json\" class=\"yoast-schema-graph\">{\"@context\":\"https:\\\/\\\/schema.org\",\"@graph\":[{\"@type\":\"WebPage\",\"@id\":\"https:\\\/\\\/ceofrance-international.org\\\/index.php\\\/hommage\\\/\",\"url\":\"https:\\\/\\\/ceofrance-international.org\\\/index.php\\\/hommage\\\/\",\"name\":\"Hommage - ceofrance-international.org\",\"isPartOf\":{\"@id\":\"https:\\\/\\\/ceofrance-international.org\\\/#website\"},\"primaryImageOfPage\":{\"@id\":\"https:\\\/\\\/ceofrance-international.org\\\/index.php\\\/hommage\\\/#primaryimage\"},\"image\":{\"@id\":\"https:\\\/\\\/ceofrance-international.org\\\/index.php\\\/hommage\\\/#primaryimage\"},\"thumbnailUrl\":\"https:\\\/\\\/ceofrance-international.org\\\/wp-content\\\/uploads\\\/2024\\\/03\\\/JC-6.jpg\",\"datePublished\":\"2023-11-10T16:59:55+00:00\",\"dateModified\":\"2025-09-03T03:57:05+00:00\",\"breadcrumb\":{\"@id\":\"https:\\\/\\\/ceofrance-international.org\\\/index.php\\\/hommage\\\/#breadcrumb\"},\"inLanguage\":\"fr-BE\",\"potentialAction\":[{\"@type\":\"ReadAction\",\"target\":[\"https:\\\/\\\/ceofrance-international.org\\\/index.php\\\/hommage\\\/\"]}]},{\"@type\":\"ImageObject\",\"inLanguage\":\"fr-BE\",\"@id\":\"https:\\\/\\\/ceofrance-international.org\\\/index.php\\\/hommage\\\/#primaryimage\",\"url\":\"https:\\\/\\\/ceofrance-international.org\\\/wp-content\\\/uploads\\\/2024\\\/03\\\/JC-6.jpg\",\"contentUrl\":\"https:\\\/\\\/ceofrance-international.org\\\/wp-content\\\/uploads\\\/2024\\\/03\\\/JC-6.jpg\",\"width\":630,\"height\":630},{\"@type\":\"BreadcrumbList\",\"@id\":\"https:\\\/\\\/ceofrance-international.org\\\/index.php\\\/hommage\\\/#breadcrumb\",\"itemListElement\":[{\"@type\":\"ListItem\",\"position\":1,\"name\":\"Accueil\",\"item\":\"https:\\\/\\\/ceofrance-international.org\\\/\"},{\"@type\":\"ListItem\",\"position\":2,\"name\":\"Hommage\"}]},{\"@type\":\"WebSite\",\"@id\":\"https:\\\/\\\/ceofrance-international.org\\\/#website\",\"url\":\"https:\\\/\\\/ceofrance-international.org\\\/\",\"name\":\"ceofrance-international.org\",\"description\":\"OVNI, Extraterrestre, Alien, Enlevement, UFO, contact\",\"potentialAction\":[{\"@type\":\"SearchAction\",\"target\":{\"@type\":\"EntryPoint\",\"urlTemplate\":\"https:\\\/\\\/ceofrance-international.org\\\/?s={search_term_string}\"},\"query-input\":{\"@type\":\"PropertyValueSpecification\",\"valueRequired\":true,\"valueName\":\"search_term_string\"}}],\"inLanguage\":\"fr-BE\"}]}<\/script>\n<!-- \/ Yoast SEO plugin. -->","yoast_head_json":{"title":"Hommage - ceofrance-international.org","robots":{"index":"index","follow":"follow","max-snippet":"max-snippet:-1","max-image-preview":"max-image-preview:large","max-video-preview":"max-video-preview:-1"},"canonical":"https:\/\/ceofrance-international.org\/index.php\/hommage\/","og_locale":"fr_FR","og_type":"article","og_title":"Hommage - ceofrance-international.org","og_description":"Nous : \u00ab Canepa Philippe \u00bb, \u00ab Paux Joseph \u00bb, \u00ab Canarelli Kalyste \u00bb, \u00ab Bouchet Jean-louis \u00bb, sommes les fondateurs du CEOFRANCE (Commission Etude Ovni France) Fond\u00e9e en 2013. Nous sommes une scission de la COMMISSION \u00c9TUDE OVNI FRANCE. Notre association a \u00e9t\u00e9 cr\u00e9\u00e9 en 2023 suite \u00e0 des divergences sur la gestion et [&hellip;]","og_url":"https:\/\/ceofrance-international.org\/index.php\/hommage\/","og_site_name":"ceofrance-international.org","article_modified_time":"2025-09-03T03:57:05+00:00","og_image":[{"width":630,"height":630,"url":"https:\/\/ceofrance-international.org\/wp-content\/uploads\/2024\/03\/JC-6.jpg","type":"image\/jpeg"}],"twitter_card":"summary_large_image","twitter_misc":{"Dur\u00e9e de lecture est.":"2 minutes"},"schema":{"@context":"https:\/\/schema.org","@graph":[{"@type":"WebPage","@id":"https:\/\/ceofrance-international.org\/index.php\/hommage\/","url":"https:\/\/ceofrance-international.org\/index.php\/hommage\/","name":"Hommage - ceofrance-international.org","isPartOf":{"@id":"https:\/\/ceofrance-international.org\/#website"},"primaryImageOfPage":{"@id":"https:\/\/ceofrance-international.org\/index.php\/hommage\/#primaryimage"},"image":{"@id":"https:\/\/ceofrance-international.org\/index.php\/hommage\/#primaryimage"},"thumbnailUrl":"https:\/\/ceofrance-international.org\/wp-content\/uploads\/2024\/03\/JC-6.jpg","datePublished":"2023-11-10T16:59:55+00:00","dateModified":"2025-09-03T03:57:05+00:00","breadcrumb":{"@id":"https:\/\/ceofrance-international.org\/index.php\/hommage\/#breadcrumb"},"inLanguage":"fr-BE","potentialAction":[{"@type":"ReadAction","target":["https:\/\/ceofrance-international.org\/index.php\/hommage\/"]}]},{"@type":"ImageObject","inLanguage":"fr-BE","@id":"https:\/\/ceofrance-international.org\/index.php\/hommage\/#primaryimage","url":"https:\/\/ceofrance-international.org\/wp-content\/uploads\/2024\/03\/JC-6.jpg","contentUrl":"https:\/\/ceofrance-international.org\/wp-content\/uploads\/2024\/03\/JC-6.jpg","width":630,"height":630},{"@type":"BreadcrumbList","@id":"https:\/\/ceofrance-international.org\/index.php\/hommage\/#breadcrumb","itemListElement":[{"@type":"ListItem","position":1,"name":"Accueil","item":"https:\/\/ceofrance-international.org\/"},{"@type":"ListItem","position":2,"name":"Hommage"}]},{"@type":"WebSite","@id":"https:\/\/ceofrance-international.org\/#website","url":"https:\/\/ceofrance-international.org\/","name":"ceofrance-international.org","description":"OVNI, Extraterrestre, Alien, Enlevement, UFO, contact","potentialAction":[{"@type":"SearchAction","target":{"@type":"EntryPoint","urlTemplate":"https:\/\/ceofrance-international.org\/?s={search_term_string}"},"query-input":{"@type":"PropertyValueSpecification","valueRequired":true,"valueName":"search_term_string"}}],"inLanguage":"fr-BE"}]}},"_links":{"self":[{"href":"https:\/\/ceofrance-international.org\/index.php\/wp-json\/wp\/v2\/pages\/148","targetHints":{"allow":["GET"]}}],"collection":[{"href":"https:\/\/ceofrance-international.org\/index.php\/wp-json\/wp\/v2\/pages"}],"about":[{"href":"https:\/\/ceofrance-international.org\/index.php\/wp-json\/wp\/v2\/types\/page"}],"author":[{"embeddable":true,"href":"https:\/\/ceofrance-international.org\/index.php\/wp-json\/wp\/v2\/users\/1"}],"replies":[{"embeddable":true,"href":"https:\/\/ceofrance-international.org\/index.php\/wp-json\/wp\/v2\/comments?post=148"}],"version-history":[{"count":16,"href":"https:\/\/ceofrance-international.org\/index.php\/wp-json\/wp\/v2\/pages\/148\/revisions"}],"predecessor-version":[{"id":936,"href":"https:\/\/ceofrance-international.org\/index.php\/wp-json\/wp\/v2\/pages\/148\/revisions\/936"}],"wp:attachment":[{"href":"https:\/\/ceofrance-international.org\/index.php\/wp-json\/wp\/v2\/media?parent=148"}],"curies":[{"name":"wp","href":"https:\/\/api.w.org\/{rel}","templated":true}]}}